{"id":292867,"date":"2025-07-18T12:50:27","date_gmt":"2025-07-18T11:50:27","guid":{"rendered":"https:\/\/www.yvesbeck.wine\/systeme-de-notation-dyves-beck\/"},"modified":"2025-07-18T12:50:27","modified_gmt":"2025-07-18T11:50:27","slug":"systeme-de-notation-dyves-beck","status":"publish","type":"page","link":"https:\/\/www.yvesbeck.wine\/fr\/systeme-de-notation-dyves-beck\/","title":{"rendered":"Syst\u00e8me de notation d&rsquo;Yves Beck"},"content":{"rendered":"<h4 style=\"text-align: justify;\"><strong>M\u00e9thodologie d&rsquo;<a href=\"https:\/\/www.yvesbeck.wine\/yves-beck\/\">Yves Beck<\/a> pour l&rsquo;\u00e9valuation des vins<\/strong><\/h4>\n<p style=\"text-align: justify;\">Au fur et \u00e0 mesure des d\u00e9gustations, certains points de rep\u00e8re s&rsquo;\u00e9tablissent, permettant une r\u00e9f\u00e9renciation fiable, qui est naturellement li\u00e9e \u00e0 la routine, mais aussi \u00e0 la quantit\u00e9.<\/p>\n<p>&nbsp;<\/p>\n<h4 style=\"text-align: justify;\"><strong>8 points de rep\u00e8re<\/strong><\/h4>\n<p>&nbsp;<\/p>\n<h5 style=\"text-align: justify;\">En principe, ce sont 8 crit\u00e8res qui constituent la note maximale de 100 points.<\/h5>\n<p>&nbsp;<\/p>\n<ul style=\"text-align: justify;\">\n<li><strong>Apparence du vin (max. 10 points)<\/strong>\n<ul>\n<li>Clart\u00e9 (5 points)<\/li>\n<li>Couleur (5)<\/li>\n<\/ul>\n<\/li>\n<li><strong>Bouquet (45)<\/strong>\n<ul>\n<li>Qualit\u00e9 (15)<\/li>\n<li>Intensit\u00e9 (15)<\/li>\n<li>Complexit\u00e9 (15)<\/li>\n<\/ul>\n<\/li>\n<li><strong>Palais (45)<\/strong>\n<ul>\n<li>Intensit\u00e9 (15)<\/li>\n<li>Complexit\u00e9 15)<\/li>\n<li>Impression g\u00e9n\u00e9rale (15)<\/li>\n<\/ul>\n<\/li>\n<\/ul>\n<p>&nbsp;<\/p>\n<h4 style=\"text-align: justify;\">Qualit\u00e9<\/h4>\n<p style=\"text-align: justify;\">La qualit\u00e9 se d\u00e9finit par la puret\u00e9 et l&rsquo;absence de d\u00e9fauts. Si un bouquet ne pr\u00e9sente aucun d\u00e9faut olfactif, il obtient la note maximale de 15 points. <\/p>\n<p style=\"text-align: justify;\">La r\u00e9duction est souvent un point de discorde, mais tant que la r\u00e9duction n&rsquo;appara\u00eet que dans le bouquet et non au palais, on peut supposer qu&rsquo;elle dispara\u00eet au contact de l&rsquo;air. Si la r\u00e9duction se produit \u00e9galement au palais, des points sont d\u00e9duits de l&rsquo;impression g\u00e9n\u00e9rale en cons\u00e9quence. <\/p>\n<p>&nbsp;<\/p>\n<h4 style=\"text-align: justify;\">Intensit\u00e9<\/h4>\n<p style=\"text-align: justify;\">La d\u00e9finition de l&rsquo;intensit\u00e9 est naturellement relative. Elle repose sur l&rsquo;exp\u00e9rience et l&rsquo;\u00e9valuation du d\u00e9gustateur. Cet aspect devient fiable lorsque le d\u00e9gustateur poss\u00e8de une grande exp\u00e9rience quantitative. Un vin avec un bouquet opulent et intense atteindra certes le maximum en termes d&rsquo;intensit\u00e9, mais risque probablement de subir des d\u00e9ductions en termes de complexit\u00e9.   <\/p>\n<p>&nbsp;<\/p>\n<h4 style=\"text-align: justify;\">Complexit\u00e9<\/h4>\n<p style=\"text-align: justify;\">Plus un bouquet pr\u00e9sente de facettes, plus il est complexe. La complexit\u00e9 n&rsquo;est pas li\u00e9e \u00e0 l&rsquo;intensit\u00e9. Il s&rsquo;agit plut\u00f4t de subtilit\u00e9. La t\u00e2che du d\u00e9gustateur consiste \u00e0 reconna\u00eetre et \u00e0 \u00e9valuer les subtilit\u00e9s.   <\/p>\n<p style=\"text-align: justify;\">Comme le bouquet, le palais pr\u00e9sente \u00e9galement diff\u00e9rents niveaux de complexit\u00e9. On tient compte de l&rsquo;attaque, du rapport entre les tanins et l&rsquo;acidit\u00e9 ou entre le sucre et l&rsquo;acidit\u00e9. L&rsquo;\u00e9quilibre est \u00e9galement un \u00e9l\u00e9ment d\u00e9cisif au niveau du go\u00fbt. Tous ces \u00e9l\u00e9ments gustatifs constituent la notion de complexit\u00e9.   <\/p>\n<p>&nbsp;<\/p>\n<h4 style=\"text-align: justify;\">Impression g\u00e9n\u00e9rale<\/h4>\n<p style=\"text-align: justify;\">L&rsquo;impression g\u00e9n\u00e9rale est le crit\u00e8re \u00e0 l&rsquo;aide duquel le d\u00e9gustateur fixe la note finale. Ce point est la somme de toutes les impressions que le d\u00e9gustateur a constat\u00e9es. Il est certainement le point le plus subjectif de toute la d\u00e9gustation (sans oublier que la d\u00e9gustation reste fondamentalement un exercice subjectif). Comme les autres crit\u00e8res, l&rsquo;impression g\u00e9n\u00e9rale est fortement influenc\u00e9e par la routine et l&rsquo;exp\u00e9rience du d\u00e9gustateur.   <\/p>\n<p>&nbsp;<\/p>\n<h4 style=\"text-align: justify;\">Compl\u00e9ments<\/h4>\n<p style=\"text-align: justify;\">Yves Beck ne publie pas d&rsquo;\u00e9valuations inf\u00e9rieures \u00e0 80 points. Il accorde une importance particuli\u00e8re au temps qu&rsquo;il consacre \u00e0 chaque vin afin de r\u00e9aliser un travail approfondi. Il a ainsi fix\u00e9 \u00e0 50 le nombre maximal de vins d\u00e9gust\u00e9s par jour. Si possible, il souhaite d\u00e9guster les vins au domaine en pr\u00e9sence des producteurs. Ceux-ci peuvent ainsi lui confier des informations importantes qui l&rsquo;aident \u00e0 interpr\u00e9ter les vins d\u00e9gust\u00e9s.    <\/p>\n<p style=\"text-align: justify;\">Vous trouverez plus de d\u00e9tails sur l&rsquo;attribution des points <a href=\"https:\/\/www.yvesbeck.wine\/auf-die-punkte-gebracht-wein-und-bewertungen\/\">dans cet article<\/a>.<\/p>\n<p>&nbsp;<\/p>\n<hr>\n<p>Voir Yves Beck sur <a href=\"https:\/\/www.linkedin.com\/in\/yvesbeck\/\" target=\"_blank\" rel=\"noopener\">LinkedIn<\/a> ou suivre les <a href=\"https:\/\/www.facebook.com\/Beckustator\/\" target=\"_blank\" rel=\"noopener\">Beckustator<\/a><\/p>\n","protected":false},"excerpt":{"rendered":"<p>M\u00e9thodologie d&rsquo;Yves Beck pour l&rsquo;\u00e9valuation des vins Au fur et \u00e0 mesure des d\u00e9gustations, certains points de rep\u00e8re s&rsquo;\u00e9tablissent, permettant une r\u00e9f\u00e9renciation fiable, qui est naturellement li\u00e9e \u00e0 la routine, mais aussi \u00e0 la quantit\u00e9. &nbsp; 8 points de rep\u00e8re &nbsp; En principe, ce sont 8 crit\u00e8res qui constituent la note maximale de 100 points. [&hellip;]<\/p>\n","protected":false},"author":14,"featured_media":0,"parent":0,"menu_order":0,"comment_status":"closed","ping_status":"closed","template":"","meta":{"_acf_changed":false,"_et_pb_use_builder":"","_et_pb_old_content":"","_et_gb_content_width":"","footnotes":""},"class_list":["post-292867","page","type-page","status-publish","hentry"],"acf":[],"yoast_head":"<!-- This site is optimized with the Yoast SEO plugin v26.9 - https:\/\/yoast.com\/product\/yoast-seo-wordpress\/ -->\n<title>Syst\u00e8me de notation d&#039;Yves Beck - Yves Beck<\/title>\n<meta name=\"description\" content=\"Le syst\u00e8me de notation d&#039;Yves Beck prend en compte 7 crit\u00e8res bas\u00e9s sur la couleur, le bouquet et le palais.\" \/>\n<meta name=\"robots\" content=\"index, follow, max-snippet:-1, max-image-preview:large, max-video-preview:-1\" \/>\n<link rel=\"canonical\" href=\"https:\/\/www.yvesbeck.wine\/bewertungssystem-von-yves-beck\/\" \/>\n<meta property=\"og:locale\" content=\"fr_FR\" \/>\n<meta property=\"og:type\" content=\"article\" \/>\n<meta property=\"og:title\" content=\"Syst\u00e8me de notation d&#039;Yves Beck - Yves Beck\" \/>\n<meta property=\"og:description\" content=\"Le syst\u00e8me de notation d&#039;Yves Beck prend en compte 7 crit\u00e8res bas\u00e9s sur la couleur, le bouquet et le palais.\" \/>\n<meta property=\"og:url\" content=\"https:\/\/www.yvesbeck.wine\/bewertungssystem-von-yves-beck\/\" \/>\n<meta property=\"og:site_name\" content=\"Yves Beck\" \/>\n<meta property=\"article:publisher\" content=\"https:\/\/www.facebook.com\/beckustator\" \/>\n<meta property=\"og:image\" content=\"https:\/\/www.yvesbeck.wine\/wp-content\/uploads\/2019\/05\/Primeurs-2018-logo-yvesbeck.jpg\" \/>\n\t<meta property=\"og:image:width\" content=\"1158\" \/>\n\t<meta property=\"og:image:height\" content=\"384\" \/>\n\t<meta property=\"og:image:type\" content=\"image\/jpeg\" \/>\n<meta name=\"twitter:card\" content=\"summary_large_image\" \/>\n<meta name=\"twitter:site\" content=\"@beckustator\" \/>\n<meta name=\"twitter:label1\" content=\"Dur\u00e9e de lecture estim\u00e9e\" \/>\n\t<meta name=\"twitter:data1\" content=\"3 minutes\" \/>\n<script type=\"application\/ld+json\" class=\"yoast-schema-graph\">{\"@context\":\"https:\/\/schema.org\",\"@graph\":[{\"@type\":\"WebPage\",\"@id\":\"https:\/\/www.yvesbeck.wine\/bewertungssystem-von-yves-beck\/\",\"url\":\"https:\/\/www.yvesbeck.wine\/bewertungssystem-von-yves-beck\/\",\"name\":\"Syst\u00e8me de notation d'Yves Beck - Yves Beck\",\"isPartOf\":{\"@id\":\"https:\/\/www.yvesbeck.wine\/#website\"},\"datePublished\":\"2025-07-18T11:50:27+00:00\",\"description\":\"Le syst\u00e8me de notation d'Yves Beck prend en compte 7 crit\u00e8res bas\u00e9s sur la couleur, le bouquet et le palais.\",\"breadcrumb\":{\"@id\":\"https:\/\/www.yvesbeck.wine\/bewertungssystem-von-yves-beck\/#breadcrumb\"},\"inLanguage\":\"fr-FR\",\"potentialAction\":[{\"@type\":\"ReadAction\",\"target\":[\"https:\/\/www.yvesbeck.wine\/bewertungssystem-von-yves-beck\/\"]}]},{\"@type\":\"BreadcrumbList\",\"@id\":\"https:\/\/www.yvesbeck.wine\/bewertungssystem-von-yves-beck\/#breadcrumb\",\"itemListElement\":[{\"@type\":\"ListItem\",\"position\":1,\"name\":\"Startseite\",\"item\":\"https:\/\/www.yvesbeck.wine\/fr\/\"},{\"@type\":\"ListItem\",\"position\":2,\"name\":\"Syst\u00e8me de notation d&#8217;Yves Beck\"}]},{\"@type\":\"WebSite\",\"@id\":\"https:\/\/www.yvesbeck.wine\/#website\",\"url\":\"https:\/\/www.yvesbeck.wine\/\",\"name\":\"Yves Beck\",\"description\":\"Beckustator\",\"publisher\":{\"@id\":\"https:\/\/www.yvesbeck.wine\/#organization\"},\"potentialAction\":[{\"@type\":\"SearchAction\",\"target\":{\"@type\":\"EntryPoint\",\"urlTemplate\":\"https:\/\/www.yvesbeck.wine\/?s={search_term_string}\"},\"query-input\":{\"@type\":\"PropertyValueSpecification\",\"valueRequired\":true,\"valueName\":\"search_term_string\"}}],\"inLanguage\":\"fr-FR\"},{\"@type\":\"Organization\",\"@id\":\"https:\/\/www.yvesbeck.wine\/#organization\",\"name\":\"yvesbeck.wine\",\"url\":\"https:\/\/www.yvesbeck.wine\/\",\"logo\":{\"@type\":\"ImageObject\",\"inLanguage\":\"fr-FR\",\"@id\":\"https:\/\/www.yvesbeck.wine\/#\/schema\/logo\/image\/\",\"url\":\"https:\/\/www.yvesbeck.wine\/wp-content\/uploads\/frontend\/2016\/07\/20160722-Logo-Sidebar.png\",\"contentUrl\":\"https:\/\/www.yvesbeck.wine\/wp-content\/uploads\/frontend\/2016\/07\/20160722-Logo-Sidebar.png\",\"width\":376,\"height\":200,\"caption\":\"yvesbeck.wine\"},\"image\":{\"@id\":\"https:\/\/www.yvesbeck.wine\/#\/schema\/logo\/image\/\"},\"sameAs\":[\"https:\/\/www.facebook.com\/beckustator\",\"https:\/\/x.com\/beckustator\",\"https:\/\/www.instagram.com\/beckustator\",\"https:\/\/www.linkedin.com\/in\/yvesbeck\/\"]}]}<\/script>\n<!-- \/ Yoast SEO plugin. -->","yoast_head_json":{"title":"Syst\u00e8me de notation d'Yves Beck - Yves Beck","description":"Le syst\u00e8me de notation d'Yves Beck prend en compte 7 crit\u00e8res bas\u00e9s sur la couleur, le bouquet et le palais.","robots":{"index":"index","follow":"follow","max-snippet":"max-snippet:-1","max-image-preview":"max-image-preview:large","max-video-preview":"max-video-preview:-1"},"canonical":"https:\/\/www.yvesbeck.wine\/bewertungssystem-von-yves-beck\/","og_locale":"fr_FR","og_type":"article","og_title":"Syst\u00e8me de notation d'Yves Beck - Yves Beck","og_description":"Le syst\u00e8me de notation d'Yves Beck prend en compte 7 crit\u00e8res bas\u00e9s sur la couleur, le bouquet et le palais.","og_url":"https:\/\/www.yvesbeck.wine\/bewertungssystem-von-yves-beck\/","og_site_name":"Yves Beck","article_publisher":"https:\/\/www.facebook.com\/beckustator","og_image":[{"width":1158,"height":384,"url":"https:\/\/www.yvesbeck.wine\/wp-content\/uploads\/2019\/05\/Primeurs-2018-logo-yvesbeck.jpg","type":"image\/jpeg"}],"twitter_card":"summary_large_image","twitter_site":"@beckustator","twitter_misc":{"Dur\u00e9e de lecture estim\u00e9e":"3 minutes"},"schema":{"@context":"https:\/\/schema.org","@graph":[{"@type":"WebPage","@id":"https:\/\/www.yvesbeck.wine\/bewertungssystem-von-yves-beck\/","url":"https:\/\/www.yvesbeck.wine\/bewertungssystem-von-yves-beck\/","name":"Syst\u00e8me de notation d'Yves Beck - Yves Beck","isPartOf":{"@id":"https:\/\/www.yvesbeck.wine\/#website"},"datePublished":"2025-07-18T11:50:27+00:00","description":"Le syst\u00e8me de notation d'Yves Beck prend en compte 7 crit\u00e8res bas\u00e9s sur la couleur, le bouquet et le palais.","breadcrumb":{"@id":"https:\/\/www.yvesbeck.wine\/bewertungssystem-von-yves-beck\/#breadcrumb"},"inLanguage":"fr-FR","potentialAction":[{"@type":"ReadAction","target":["https:\/\/www.yvesbeck.wine\/bewertungssystem-von-yves-beck\/"]}]},{"@type":"BreadcrumbList","@id":"https:\/\/www.yvesbeck.wine\/bewertungssystem-von-yves-beck\/#breadcrumb","itemListElement":[{"@type":"ListItem","position":1,"name":"Startseite","item":"https:\/\/www.yvesbeck.wine\/fr\/"},{"@type":"ListItem","position":2,"name":"Syst\u00e8me de notation d&#8217;Yves Beck"}]},{"@type":"WebSite","@id":"https:\/\/www.yvesbeck.wine\/#website","url":"https:\/\/www.yvesbeck.wine\/","name":"Yves Beck","description":"Beckustator","publisher":{"@id":"https:\/\/www.yvesbeck.wine\/#organization"},"potentialAction":[{"@type":"SearchAction","target":{"@type":"EntryPoint","urlTemplate":"https:\/\/www.yvesbeck.wine\/?s={search_term_string}"},"query-input":{"@type":"PropertyValueSpecification","valueRequired":true,"valueName":"search_term_string"}}],"inLanguage":"fr-FR"},{"@type":"Organization","@id":"https:\/\/www.yvesbeck.wine\/#organization","name":"yvesbeck.wine","url":"https:\/\/www.yvesbeck.wine\/","logo":{"@type":"ImageObject","inLanguage":"fr-FR","@id":"https:\/\/www.yvesbeck.wine\/#\/schema\/logo\/image\/","url":"https:\/\/www.yvesbeck.wine\/wp-content\/uploads\/frontend\/2016\/07\/20160722-Logo-Sidebar.png","contentUrl":"https:\/\/www.yvesbeck.wine\/wp-content\/uploads\/frontend\/2016\/07\/20160722-Logo-Sidebar.png","width":376,"height":200,"caption":"yvesbeck.wine"},"image":{"@id":"https:\/\/www.yvesbeck.wine\/#\/schema\/logo\/image\/"},"sameAs":["https:\/\/www.facebook.com\/beckustator","https:\/\/x.com\/beckustator","https:\/\/www.instagram.com\/beckustator","https:\/\/www.linkedin.com\/in\/yvesbeck\/"]}]}},"_links":{"self":[{"href":"https:\/\/www.yvesbeck.wine\/fr\/wp-json\/wp\/v2\/pages\/292867","targetHints":{"allow":["GET"]}}],"collection":[{"href":"https:\/\/www.yvesbeck.wine\/fr\/wp-json\/wp\/v2\/pages"}],"about":[{"href":"https:\/\/www.yvesbeck.wine\/fr\/wp-json\/wp\/v2\/types\/page"}],"author":[{"embeddable":true,"href":"https:\/\/www.yvesbeck.wine\/fr\/wp-json\/wp\/v2\/users\/14"}],"replies":[{"embeddable":true,"href":"https:\/\/www.yvesbeck.wine\/fr\/wp-json\/wp\/v2\/comments?post=292867"}],"version-history":[{"count":0,"href":"https:\/\/www.yvesbeck.wine\/fr\/wp-json\/wp\/v2\/pages\/292867\/revisions"}],"wp:attachment":[{"href":"https:\/\/www.yvesbeck.wine\/fr\/wp-json\/wp\/v2\/media?parent=292867"}],"curies":[{"name":"wp","href":"https:\/\/api.w.org\/{rel}","templated":true}]}}